{"id":5155,"date":"2024-08-15T13:35:32","date_gmt":"2024-08-15T11:35:32","guid":{"rendered":"https:\/\/lawash.es\/sobre-nos\/"},"modified":"2025-04-15T15:08:15","modified_gmt":"2025-04-15T13:08:15","slug":"sobre-nos","status":"publish","type":"page","link":"https:\/\/lawash.es\/pt-pt\/sobre-nos\/","title":{"rendered":"Sobre n\u00f3s"},"content":{"rendered":"\t\t<div data-elementor-type=\"wp-page\" data-elementor-id=\"5155\" class=\"elementor elementor-5155 elementor-64\" data-elementor-post-type=\"page\">\n\t\t\t\t\t\t<section class=\"elementor-section elementor-top-section elementor-element elementor-element-65f2728 elementor-section-boxed elementor-section-height-default elementor-section-height-default\" data-id=\"65f2728\" data-element_type=\"section\">\n\t\t\t\t\t\t<div class=\"elementor-container elementor-column-gap-default\">\n\t\t\t\t\t<div class=\"elementor-column elementor-col-100 elementor-top-column elementor-element elementor-element-2e1b9b6\" data-id=\"2e1b9b6\" data-element_type=\"column\">\n\t\t\t<div class=\"elementor-widget-wrap elementor-element-populated\">\n\t\t\t\t\t\t<div class=\"elementor-element elementor-element-8f03fa3 elementor-widget elementor-widget-header_widget\" data-id=\"8f03fa3\" data-element_type=\"widget\" data-widget_type=\"header_widget.default\">\n\t\t\t\t<div class=\"elementor-widget-container\">\n\t\t\t\t\t<section class=\"hero-section js-hero-section home  no-disclaimer\">\n    <img decoding=\"async\" alt=\"\" class=\"background-image\" src=\"https:\/\/lawash.es\/wp-content\/uploads\/2024\/10\/nosotros.710364.jpg\" \/>\n    <div class=\"background-gradient\"><\/div>\n        <div class=\"lawash-container hero-container\">\n        <div class=\"hero-info hero-info--extralong-title\">\n\n                            <div class=\"hero-info__breadcrumbs breadcrumbs\">\n    <a href=\"https:\/\/lawash.es\/pt-pt\/\" title=\"Come\u00e7ar\" class=\"hero-info__breadcrumb-link breadcrumb-link\">Come\u00e7ar<\/a>\n    <span class=\"hero-info__breadcrumb-divider breadcrumb-divider\">&nbsp;-&nbsp;<\/span>\n                        \n                <a title=\"N\u00f3s\" href=\"https:\/\/lawash.es\/sobre-nosotros\/\" class=\"hero-info__breadcrumb-link breadcrumb-link\">N\u00f3s<\/a>\n            <\/div>\n            \n                            <h1 class=\"hero-info__pretitle title-4\">Somos La Wash, nossa vis\u00e3o:<\/h1>\n                <h2 class=\"hero-info__title title-1\">\n                    <span class=\"custom-text-highlight custom-text-highlight-3\"> Promover um futuro sustent\u00e1vel, oferecendo servi\u00e7os de lavandaria<\/span>\n            <span class=\"custom-highlight custom-underline-4\">\n              <img decoding=\"async\" alt=\"\" class=\"custom-highlight__img\" src=\"https:\/\/lawash.es\/wp-content\/themes\/sage\/public\/img\/custom-underline-1.8cb80b.svg\" \/>\n              <span class=\"custom-highlight__text\"> acess\u00edveis a todos<\/span>\n            <\/span>\n            <span class=\"custom-text-highlight custom-text-highlight-3\">os consumidores.<\/span>\n        \n                <\/h2>\n            \n\n            \n\n            \n                    <\/div>\n    <\/div>\n<\/section>\n\t\t\t\t<\/div>\n\t\t\t\t<\/div>\n\t\t\t\t<div class=\"elementor-element elementor-element-376b8a9 elementor-widget elementor-widget-image_with_text_v2_widget\" data-id=\"376b8a9\" data-element_type=\"widget\" data-widget_type=\"image_with_text_v2_widget.default\">\n\t\t\t\t<div class=\"elementor-widget-container\">\n\t\t\t\t\t<section class=\"section-2-cols experience-section\">\n\n\t<div class=\"lawash-container\">\n\t\t<div class=\"lawash-row\">\n\t\t\t<div class=\"lawash-col-6 order-down-lg-2\">\n\t\t\t\t<div class=\"section-2-cols__info\">\n\t\t\t\t\t\n\t\t\t\t\t<h3 class=\"section-2-cols__title title-1\">\n\t\t\t\t\t\t\n            <span class=\"custom-highlight custom-highlight-2\">\n              <img decoding=\"async\" alt=\"\" class=\"custom-highlight__img\" src=\"https:\/\/lawash.es\/wp-content\/themes\/sage\/public\/img\/custom-highlight-2.db55de.svg\" \/>\n              <span class=\"custom-highlight__text\">ESPECIALISTAS<\/span>\n            <\/span>\n            <span class=\"custom-text-highlight custom-text-highlight-6\">EM SOLU\u00c7\u00d5ES DE LAVANDARIA SELF-SERVICE<\/span>\n        \n\t\t\t\t\t<\/h3>   \n\t\t\t\t\t\n\t\t\t\t\t\t\t\t\t\t<p class=\"section-2-cols__paragraph\">A La Wash \u00e9 a principal rede de lavandarias self-service da Europa, com mais de 400 localiza\u00e7\u00f5es em Espanha, Portugal e agora tamb\u00e9m na Irlanda! Continuamos a definir o padr\u00e3o de excel\u00eancia em toda a Europa.<\/p>\n\t\t\t\t\t\n\t\t\t\t\t\t\t\t\t\t\n\t\t\t\t<\/div>\n\t\t\t<\/div>\n\t\t\t<div class=\"lawash-col-6 order-down-lg-1\">\n\t\t\t\t<div class=\"section-2-cols__img\">\n\t\t\t\t\t<div class=\"lawash-image-animation-1\">\n\t\t\t\t\t\t<img decoding=\"async\" alt=\"\" class=\"lawash-image lawash-image-animated-1\" src=\"https:\/\/lawash.es\/wp-content\/uploads\/2024\/10\/tambor-1.694359.png\" \/>\n\t\t\t\t\t\t<img decoding=\"async\" alt=\"\" class=\"lawash-image lawash-image-animated-2\" src=\"https:\/\/lawash.es\/wp-content\/uploads\/2024\/10\/tambor-2.3a8177-1.png\" \/>\n\t\t\t\t\t<\/div>\n\n\t\t\t\t<\/div>\n\t\t\t<\/div>\n\t\t<\/div>\n\t<\/div>\n<\/section>\t\t\t\t<\/div>\n\t\t\t\t<\/div>\n\t\t\t\t<div class=\"elementor-element elementor-element-c5f72f6 elementor-widget elementor-widget-banner_only_text_widget\" data-id=\"c5f72f6\" data-element_type=\"widget\" data-widget_type=\"banner_only_text_widget.default\">\n\t\t\t\t<div class=\"elementor-widget-container\">\n\t\t\t\t\t<section\n  class=\"section-centered-cols investors-section background-img\"\n\n  style=\"background-image: url(https:\/\/lawash.es\/wp-content\/uploads\/2024\/10\/expansion-internacional.b28d1b.svg);\">\n  <div class=\"lawash-container\">\n    <div class=\"lawash-row\">\n      <div class=\"lawash-col-12\">\n                  <p class=\"section-auto-cols__pretitle title-4\">\n                         A NOVA GERA\u00c7\u00c3O DE LAVANDARIAS\n                      <\/p>\n        \n        <h2 class=\"section-auto-cols__title title-2 max-w-600\">\n                      A LA WASH CHEGOU A PORTUGAL\n                  <\/h2>\n      <\/div>\n      <div class=\"lawash-col-auto\">\n        <p class=\"section-auto-cols__paragraph\">\n          A La Wash est\u00e1 a transformar o conceito de lavandaria self-service, e Portugal \u00e9 agora parte desta evolu\u00e7\u00e3o.<br><br>Com presen\u00e7a consolidada em v\u00e1rios pa\u00edses europeus, trazemos um modelo inovador, sustent\u00e1vel e orientado para a experi\u00eancia do cliente \u2014 pensado para facilitar o dia a dia de quem valoriza tempo, efici\u00eancia e responsabilidade ambiental.<br><br>A nossa entrada em Portugal marca um momento-chave na expans\u00e3o internacional da marca, refor\u00e7ando o nosso compromisso com solu\u00e7\u00f5es tecnol\u00f3gicas de alto desempenho, acess\u00edveis e amigas do ambiente.<br><br>Portugal junta-se assim \u00e0 revolu\u00e7\u00e3o La Wash \u2014 onde cada detalhe foi pensado para simplificar, surpreender e inspirar.\n        <\/p>\n\n              <\/div>\n\n\n    <\/div>\n  <\/div>\n<\/section>\n\t\t\t\t<\/div>\n\t\t\t\t<\/div>\n\t\t\t\t<div class=\"elementor-element elementor-element-e4a84f9 elementor-widget elementor-widget-tech_widget\" data-id=\"e4a84f9\" data-element_type=\"widget\" data-widget_type=\"tech_widget.default\">\n\t\t\t\t<div class=\"elementor-widget-container\">\n\t\t\t\t\t<section class=\"section-2-cols-padded tech-section \">\n\n\t<div class=\"lawash-container\">\n\t\t<div class=\"lawash-row\">\n\t\t\t<div class=\"lawash-col-6\">\n\t\t\t\t<div class=\"section-2-cols-padded__info\">\n\n\t\t\t\t\t<h2 class=\"section-2-cols-padded__title title-2\">\n\t\t\t\t\t\t<span class=\"custom-text-highlight custom-text-highlight-4\"> A HIST\u00d3RIA DA<\/span>\n            <span class=\"custom-highlight custom-highlight-5\">\n              <img decoding=\"async\" alt=\"\" class=\"custom-highlight__img\" src=\"https:\/\/lawash.es\/wp-content\/themes\/sage\/public\/img\/custom-highlight-5.7cc778.svg\" \/>\n              <span class=\"custom-highlight__text\"> LA WASH<\/span>\n            <\/span>\n            <span class=\"custom-text-highlight custom-text-highlight-4\"><\/span>\n        \n\t\t\t\t\t<\/h2>\n\n\t\t\t\t\t\t\t\t\t\t<p class=\"section-2-cols-padded__paragraph\">\n\t\t\t\t\t\tA origem da La Wash nasce do desejo de liberdade e autonomia, com o objetivo de redefinir a experi\u00eancia de lavandaria self-service.<br><br>O que come\u00e7ou como uma vis\u00e3o para simplificar e melhorar o servi\u00e7o de lavandaria, tornou-se na marca l\u00edder da Europa. A La Wash combina inova\u00e7\u00e3o, sustentabilidade e qualidade para responder \u00e0s exig\u00eancias dos consumidores modernos, ao mesmo tempo que oferece aos franqueados um modelo de neg\u00f3cio rent\u00e1vel e comprovado.<br><br>Esta trajet\u00f3ria reflete o nosso compromisso em transformar a lavandaria de uma tarefa rotineira numa experi\u00eancia eficiente, ecol\u00f3gica e gratificante para todos.\n\t\t\t\t\t<\/p>\n\n\t\t\t\t\t\t\t\t\t<\/div>\n\t\t\t<\/div>\n\t\t\t<div class=\"lawash-col-6\">\n\t\t\t\t\t\t\t\t<div class=\"section-2-cols-padded__list\">\n\t\t\t\t\t\t\t\t\t\t\t<div class=\"section-2-cols-padded__list-item\">\n  <div class=\"section-2-cols-padded__list-item__img\">\n    <img decoding=\"async\" alt=\"\" src=\"https:\/\/lawash.es\/wp-content\/uploads\/2024\/10\/origen.41af83.svg\" \/>\n  <\/div>\n  <div class=\"section-2-cols-padded__list-item__info\">\n    <h3 class=\"section-2-cols-padded__list-item__title title-4\">\n      A ORIGEM\n    <\/h3>\n    <p class=\"section-2-cols-padded__list-item__paragraph paragraph-1\">\n      O fundador e CEO, Javier Llacuna, percebeu que, apesar do seu sucesso como executivo numa empresa multinacional, o seu verdadeiro objetivo era alcan\u00e7ar liberdade financeira e deixar um legado com prop\u00f3sito.\n    <\/p>\n  <\/div>\n<\/div>\n\t\t\t\t\t\t\t\t\t\t\t<div class=\"section-2-cols-padded__list-item\">\n  <div class=\"section-2-cols-padded__list-item__img\">\n    <img decoding=\"async\" alt=\"A IDEIA\" src=\"https:\/\/lawash.es\/wp-content\/uploads\/2024\/10\/la-idea.0fe2e3.svg\" \/>\n  <\/div>\n  <div class=\"section-2-cols-padded__list-item__info\">\n    <h3 class=\"section-2-cols-padded__list-item__title title-4\">\n      A IDEIA\n    <\/h3>\n    <p class=\"section-2-cols-padded__list-item__paragraph paragraph-1\">\n      A ideia da La Wash surgiu durante um almo\u00e7o com amigos empreendedores, onde se discutiam diferentes oportunidades de investimento. Foi nesse momento que Javier identificou o potencial das lavandarias self-service como um neg\u00f3cio com rendimento passivo e baixa necessidade de manuten\u00e7\u00e3o.\n    <\/p>\n  <\/div>\n<\/div>\n\t\t\t\t\t\t\t\t\t\t\t<div class=\"section-2-cols-padded__list-item\">\n  <div class=\"section-2-cols-padded__list-item__img\">\n    <img decoding=\"async\" alt=\"CRESCIMENTO\" src=\"https:\/\/lawash.es\/wp-content\/uploads\/2024\/10\/crecimiento.bf96c1.svg\" \/>\n  <\/div>\n  <div class=\"section-2-cols-padded__list-item__info\">\n    <h3 class=\"section-2-cols-padded__list-item__title title-4\">\n      O CRESCIMENTO\n    <\/h3>\n    <p class=\"section-2-cols-padded__list-item__paragraph paragraph-1\">\n      Motivado por criar um modelo de neg\u00f3cio inovador e altamente rent\u00e1vel, Javier fundou a La Wash em 2010, tornando realidade a sua vis\u00e3o de lavandarias do s\u00e9culo XXI.\n    <\/p>\n  <\/div>\n<\/div>\n\t\t\t\t\t\t\t\t\t\t\t<div class=\"section-2-cols-padded__list-item\">\n  <div class=\"section-2-cols-padded__list-item__img\">\n    <img decoding=\"async\" alt=\"NOVIDADES\" src=\"https:\/\/lawash.es\/wp-content\/uploads\/2024\/10\/actualidad.cf7a56.svg\" \/>\n  <\/div>\n  <div class=\"section-2-cols-padded__list-item__info\">\n    <h3 class=\"section-2-cols-padded__list-item__title title-4\">\n      LA WASH HOJE\n    <\/h3>\n    <p class=\"section-2-cols-padded__list-item__paragraph paragraph-1\">\n      Mais de 10 anos depois, a La Wash \u00e9 l\u00edder de mercado, com centenas de lavandarias franchisadas e 3,5 milh\u00f5es de clientes satisfeitos \u2014 todos unidos por uma vis\u00e3o comum: construir um futuro mais sustent\u00e1vel.\n    <\/p>\n  <\/div>\n<\/div>\n\t\t\t\t\t\t\t\t\t<\/div>\n\t\t\t\t\t\t\t<\/div>\n\t\t<\/div>\n\t<\/div>\n<\/section>\t\t\t\t<\/div>\n\t\t\t\t<\/div>\n\t\t\t\t<div class=\"elementor-element elementor-element-c477474 elementor-widget elementor-widget-support_widget\" data-id=\"c477474\" data-element_type=\"widget\" data-widget_type=\"support_widget.default\">\n\t\t\t\t<div class=\"elementor-widget-container\">\n\t\t\t\t\t<section class=\"section-2-cols support-section\">\n\n\t<div class=\"lawash-container\">\n\t\t<div class=\"lawash-row\">\n\t\t\t<div class=\"lawash-col-auto\">\n\t\t\t\t<div class=\"section-2-cols__info align-content-between\">\n\t\t\t\t\t<div>\n\t\t\t\t\t\t<h2 class=\"section-2-cols__title title-2\">\n\t\t\t\t\t\t\t<span class=\"custom-text-highlight custom-text-highlight-6\"> Miss\u00e3o e<\/span>\n            <span class=\"custom-highlight custom-underline-6\">\n              <img decoding=\"async\" alt=\"\" class=\"custom-highlight__img\" src=\"https:\/\/lawash.es\/wp-content\/themes\/sage\/public\/img\/custom-underline-1.8cb80b.svg\" \/>\n              <span class=\"custom-highlight__text\">valores<\/span>\n            <\/span>\n            <span class=\"custom-text-highlight custom-text-highlight-6\"><\/span>\n        \n\t\t\t\t\t\t<\/h2>\n\t\t\t\t\t\t<div class=\"w-100\"><\/div>\n\n\t\t\t\t\t\t<p class=\"section-2-cols__paragraph\">\n\t\t\t\t\t\t\tDefendemos o direito de todos ao acesso a servi\u00e7os de lavandaria de qualidade, promovendo sempre uma utiliza\u00e7\u00e3o respons\u00e1vel dos recursos do planeta.\n\t\t\t\t\t\t<\/p>\n\n\t\t\t\t\t\t\t\t\t\t\t<\/div>\n\t\t\t\t<\/div>\n\t\t\t<\/div>\n\t\t\t<div class=\"lawash-col\">\n\t\t\t\t\t\t\t\t<div class=\"accordions accordions--variant-2\">\n\t\t\t\t\t\t\t\t\t\t\t<div class=\"accordion-item\">\n  <div class=\"accordion-item__button\">\n    <h3 class=\"accordion-item__title title-4\">\n      TRABALHO EM EQUIPA\n    <\/h3>\n    <svg class=\"accordion-item__icon\" xmlns=\"http:\/\/www.w3.org\/2000\/svg\" width=\"25\" height=\"24\" viewBox=\"0 0 25 24\" fill=\"none\">\n      <g clip-path=\"url(#clip0_25_670)\">\n        <path d=\"M21.5231 11.2908C17.9116 10.8631 14.288 10.5679 10.6524 10.4534C7.47245 10.3711 4.30256 10.5036 2.54798 10.1121C-0.374977 9.596 -0.20233 12.9052 2.27898 13.4313C6.13544 14.1161 10.1003 13.9133 14.0029 13.9253C16.8155 13.8892 19.624 13.602 22.4085 13.2245C23.3359 13.0217 23.6732 13.1964 24.2253 12.8169C24.43 12.6161 24.422 12.3068 24.2955 12.0659C23.5688 11.1181 22.7959 11.5679 21.5211 11.2908H21.5231Z\" fill=\"#E3F805\" \/>\n        <path d=\"M12.7531 22.9197C14.7085 17.8515 14.2809 11.8615 13.781 6.04625C13.7569 4.27115 13.5602 2.39163 13.9476 0.704886C14.2267 -0.212785 12.3697 -0.214793 12.1047 0.584404C10.9604 3.84545 10.9303 7.24103 10.5609 10.5744C10.1333 14.7912 10.0932 19.9559 10.8781 23.6969C10.9684 23.9017 11.372 24.0382 11.7173 23.988C12.8154 23.7029 12.5283 23.3776 12.7531 22.9177V22.9197Z\" fill=\"#E3F805\" \/>\n      <\/g>\n      <defs>\n        <clipPath id=\"clip0_25_670\">\n          <rect width=\"24\" height=\"24\" fill=\"white\" transform=\"translate(0.388672)\" \/>\n        <\/clipPath>\n      <\/defs>\n    <\/svg>\n  <\/div>\n  <div class=\"accordion-item__content\">\n    <p class=\"accordion-item__content-paragraph paragraph-3\">\n      O sucesso constr\u00f3i-se em conjunto. Trabalhamos lado a lado com os nossos franchisados e equipas, garantindo sinergia, comunica\u00e7\u00e3o clara e apoio m\u00fatuo. Cumprimos sempre, refor\u00e7ando a confian\u00e7a e fazendo crescer a nossa rede.\n    <\/p>\n  <\/div>\n<\/div>\n\t\t\t\t\t\t\t\t\t\t\t<div class=\"accordion-item\">\n  <div class=\"accordion-item__button\">\n    <h3 class=\"accordion-item__title title-4\">\n      Inova\u00e7\u00e3o\n    <\/h3>\n    <svg class=\"accordion-item__icon\" xmlns=\"http:\/\/www.w3.org\/2000\/svg\" width=\"25\" height=\"24\" viewBox=\"0 0 25 24\" fill=\"none\">\n      <g clip-path=\"url(#clip0_25_670)\">\n        <path d=\"M21.5231 11.2908C17.9116 10.8631 14.288 10.5679 10.6524 10.4534C7.47245 10.3711 4.30256 10.5036 2.54798 10.1121C-0.374977 9.596 -0.20233 12.9052 2.27898 13.4313C6.13544 14.1161 10.1003 13.9133 14.0029 13.9253C16.8155 13.8892 19.624 13.602 22.4085 13.2245C23.3359 13.0217 23.6732 13.1964 24.2253 12.8169C24.43 12.6161 24.422 12.3068 24.2955 12.0659C23.5688 11.1181 22.7959 11.5679 21.5211 11.2908H21.5231Z\" fill=\"#E3F805\" \/>\n        <path d=\"M12.7531 22.9197C14.7085 17.8515 14.2809 11.8615 13.781 6.04625C13.7569 4.27115 13.5602 2.39163 13.9476 0.704886C14.2267 -0.212785 12.3697 -0.214793 12.1047 0.584404C10.9604 3.84545 10.9303 7.24103 10.5609 10.5744C10.1333 14.7912 10.0932 19.9559 10.8781 23.6969C10.9684 23.9017 11.372 24.0382 11.7173 23.988C12.8154 23.7029 12.5283 23.3776 12.7531 22.9177V22.9197Z\" fill=\"#E3F805\" \/>\n      <\/g>\n      <defs>\n        <clipPath id=\"clip0_25_670\">\n          <rect width=\"24\" height=\"24\" fill=\"white\" transform=\"translate(0.388672)\" \/>\n        <\/clipPath>\n      <\/defs>\n    <\/svg>\n  <\/div>\n  <div class=\"accordion-item__content\">\n    <p class=\"accordion-item__content-paragraph paragraph-3\">\n      Desafiamos o que est\u00e1 estabelecido. Cada ideia \u00e9 uma oportunidade para evoluir. Inovamos com solu\u00e7\u00f5es \u00e1geis e sustent\u00e1veis, respeitando prazos e padr\u00f5es de qualidade para garantir o melhor servi\u00e7o.\n    <\/p>\n  <\/div>\n<\/div>\n\t\t\t\t\t\t\t\t\t\t\t<div class=\"accordion-item\">\n  <div class=\"accordion-item__button\">\n    <h3 class=\"accordion-item__title title-4\">\n      Resili\u00eancia\n    <\/h3>\n    <svg class=\"accordion-item__icon\" xmlns=\"http:\/\/www.w3.org\/2000\/svg\" width=\"25\" height=\"24\" viewBox=\"0 0 25 24\" fill=\"none\">\n      <g clip-path=\"url(#clip0_25_670)\">\n        <path d=\"M21.5231 11.2908C17.9116 10.8631 14.288 10.5679 10.6524 10.4534C7.47245 10.3711 4.30256 10.5036 2.54798 10.1121C-0.374977 9.596 -0.20233 12.9052 2.27898 13.4313C6.13544 14.1161 10.1003 13.9133 14.0029 13.9253C16.8155 13.8892 19.624 13.602 22.4085 13.2245C23.3359 13.0217 23.6732 13.1964 24.2253 12.8169C24.43 12.6161 24.422 12.3068 24.2955 12.0659C23.5688 11.1181 22.7959 11.5679 21.5211 11.2908H21.5231Z\" fill=\"#E3F805\" \/>\n        <path d=\"M12.7531 22.9197C14.7085 17.8515 14.2809 11.8615 13.781 6.04625C13.7569 4.27115 13.5602 2.39163 13.9476 0.704886C14.2267 -0.212785 12.3697 -0.214793 12.1047 0.584404C10.9604 3.84545 10.9303 7.24103 10.5609 10.5744C10.1333 14.7912 10.0932 19.9559 10.8781 23.6969C10.9684 23.9017 11.372 24.0382 11.7173 23.988C12.8154 23.7029 12.5283 23.3776 12.7531 22.9177V22.9197Z\" fill=\"#E3F805\" \/>\n      <\/g>\n      <defs>\n        <clipPath id=\"clip0_25_670\">\n          <rect width=\"24\" height=\"24\" fill=\"white\" transform=\"translate(0.388672)\" \/>\n        <\/clipPath>\n      <\/defs>\n    <\/svg>\n  <\/div>\n  <div class=\"accordion-item__content\">\n    <p class=\"accordion-item__content-paragraph paragraph-3\">\n      Transformamos desafios em oportunidades. Adaptamo-nos com atitude positiva, aprendizagem cont\u00ednua e equil\u00edbrio emocional. Entregamos resultados mesmo em momentos dif\u00edceis, assegurando estabilidade e confian\u00e7a.\n    <\/p>\n  <\/div>\n<\/div>\n\t\t\t\t\t\t\t\t\t\t\t<div class=\"accordion-item\">\n  <div class=\"accordion-item__button\">\n    <h3 class=\"accordion-item__title title-4\">\n      Resolu\u00e7\u00e3o\n    <\/h3>\n    <svg class=\"accordion-item__icon\" xmlns=\"http:\/\/www.w3.org\/2000\/svg\" width=\"25\" height=\"24\" viewBox=\"0 0 25 24\" fill=\"none\">\n      <g clip-path=\"url(#clip0_25_670)\">\n        <path d=\"M21.5231 11.2908C17.9116 10.8631 14.288 10.5679 10.6524 10.4534C7.47245 10.3711 4.30256 10.5036 2.54798 10.1121C-0.374977 9.596 -0.20233 12.9052 2.27898 13.4313C6.13544 14.1161 10.1003 13.9133 14.0029 13.9253C16.8155 13.8892 19.624 13.602 22.4085 13.2245C23.3359 13.0217 23.6732 13.1964 24.2253 12.8169C24.43 12.6161 24.422 12.3068 24.2955 12.0659C23.5688 11.1181 22.7959 11.5679 21.5211 11.2908H21.5231Z\" fill=\"#E3F805\" \/>\n        <path d=\"M12.7531 22.9197C14.7085 17.8515 14.2809 11.8615 13.781 6.04625C13.7569 4.27115 13.5602 2.39163 13.9476 0.704886C14.2267 -0.212785 12.3697 -0.214793 12.1047 0.584404C10.9604 3.84545 10.9303 7.24103 10.5609 10.5744C10.1333 14.7912 10.0932 19.9559 10.8781 23.6969C10.9684 23.9017 11.372 24.0382 11.7173 23.988C12.8154 23.7029 12.5283 23.3776 12.7531 22.9177V22.9197Z\" fill=\"#E3F805\" \/>\n      <\/g>\n      <defs>\n        <clipPath id=\"clip0_25_670\">\n          <rect width=\"24\" height=\"24\" fill=\"white\" transform=\"translate(0.388672)\" \/>\n        <\/clipPath>\n      <\/defs>\n    <\/svg>\n  <\/div>\n  <div class=\"accordion-item__content\">\n    <p class=\"accordion-item__content-paragraph paragraph-3\">\n      Cumprir n\u00e3o \u00e9 uma escolha \u2014 \u00e9 a nossa forma de atuar. Somos \u00e1geis e eficazes, garantimos prazos, respeitamos acordos e respondemos com rapidez, porque sabemos que a responsabilidade \u00e9 essencial para os nossos franchisados e clientes.\n    <\/p>\n  <\/div>\n<\/div>\n\t\t\t\t\t\t\t\t\t<\/div>\n\t\t\t\t\t\t\t<\/div>\n\t\t<\/div>\n\t<\/div>\n<\/section>\t\t\t\t<\/div>\n\t\t\t\t<\/div>\n\t\t\t\t<div class=\"elementor-element elementor-element-b34177c elementor-widget elementor-widget-team_widget\" data-id=\"b34177c\" data-element_type=\"widget\" data-widget_type=\"team_widget.default\">\n\t\t\t\t<div class=\"elementor-widget-container\">\n\t\t\t\t\t<section class=\"section-centered-cols explanation-section nosotros-section\">\n    <div class=\"lawash-container\">\n        <div class=\"lawash-row\">\n            <div class=\"lawash-col-12\">\n                <h2 class=\"section-auto-cols__title title-2\">\n                    \n            <span class=\"custom-highlight custom-underline-1\">\n              <img decoding=\"async\" alt=\"\" class=\"custom-highlight__img\" src=\"https:\/\/lawash.es\/wp-content\/themes\/sage\/public\/img\/custom-underline-4.9ff3ef.svg\" \/>\n              <span class=\"custom-highlight__text\"><\/span>\n            <\/span>\n            <span class=\"custom-text-highlight custom-text-highlight-5\">A nossa equipA<\/span>\n        \n                <\/h2>\n            <\/div>\n            <div class=\"lawash-col-auto\">\n                <p class=\"section-auto-cols__paragraph paragraph-3\">\n                    Na La Wash, somos uma equipa de profissionais dedicados e especialistas nas suas \u00e1reas. O nosso compromisso e trabalho em sinergia garantem um servi\u00e7o excecional em todos os n\u00edveis.<br><br>Juntos, formamos uma for\u00e7a coesa que impulsiona a nossa vis\u00e3o e refor\u00e7a a confian\u00e7a dos nossos clientes e investidores.\n                <\/p>\n            <\/div>\n        <\/div>\n\n                <div class=\"lawash-row team-members\">\n                                                <div class=\"lawash-col-3\">\n    <div class=\"team-member\">\n        <img decoding=\"async\" alt=\"\" class=\"team-member__img\" src=\"https:\/\/lawash.es\/wp-content\/uploads\/2024\/10\/javier-llacuna.c185aa.jpg\">\n        <div class=\"team-member__info \">\n            <h3 class=\"team-member__title\">Javier Llacuna<\/h3>\n            <span class=\"team-member__text\">CEO &amp; Founder<\/span>\n        <\/div>\n                <div class=\"team-member__overlay\">\n                        <a href=\"https:\/\/www.linkedin.com\/in\/javierllacuna\/\" target=\"_blank\" class=\"team-member__link\">\n                <img decoding=\"async\" alt=\"Linkedin Javier Llacuna\" src=\"https:\/\/lawash.es\/wp-content\/themes\/sage\/public\/img\/linkedin-bg.d22544.svg\">\n            <\/a>\n                        <p class=\"team-member__extraInfo\">\n                Com mais de 12 anos de experi\u00eancia no setor, fundou e liderou a La Wash, uma das principais redes de lavanderias self-service na Espanha. Com uma s\u00f3lida trajet\u00f3ria em franquias e consultoria internacional, ele se especializa em desenvolvimento de neg\u00f3cios, expans\u00e3o de franquias e otimiza\u00e7\u00e3o da cadeia de suprimentos. Sua experi\u00eancia abrange desde a cria\u00e7\u00e3o de marcas at\u00e9 a implementa\u00e7\u00e3o de pr\u00e1ticas sustent\u00e1veis no setor de lavanderias, impulsionando o crescimento e a efici\u00eancia operacional em mercados altamente competitivos  \n            <\/p>\n            <div class=\"team-member__info\">\n                <h3 class=\"team-member__title\">Javier Llacuna<\/h3>\n                <span class=\"team-member__text\">CEO &amp; Founder<\/span>\n            <\/div>\n        <\/div>\n            <\/div>\n<\/div>\n                                                                <div class=\"lawash-col-3\">\n    <div class=\"team-member\">\n        <img decoding=\"async\" alt=\"\" class=\"team-member__img\" src=\"https:\/\/lawash.es\/wp-content\/uploads\/2024\/10\/luis-vazquez.6dfb4e.jpg\">\n        <div class=\"team-member__info \">\n            <h3 class=\"team-member__title\">Luis V\u00e1zquez<\/h3>\n            <span class=\"team-member__text\">National Expansion Manager<\/span>\n        <\/div>\n                <div class=\"team-member__overlay\">\n                        <a href=\"https:\/\/www.linkedin.com\/in\/luisvvazquez\/\" target=\"_blank\" class=\"team-member__link\">\n                <img decoding=\"async\" alt=\"Linkedin Luis V\u00e1zquez\" src=\"https:\/\/lawash.es\/wp-content\/themes\/sage\/public\/img\/linkedin-bg.d22544.svg\">\n            <\/a>\n                        <p class=\"team-member__extraInfo\">\n                Com mais de 20 anos de experi\u00eancia no setor de franquias, ele liderou a expans\u00e3o e o desenvolvimento comercial na La Wash, gerenciando a abertura de mais de 300 pontos na Espanha e em Portugal. Especialista em comercializa\u00e7\u00e3o de franquias, desenvolvimento de novos neg\u00f3cios e planejamento estrat\u00e9gico, ele possui s\u00f3lida experi\u00eancia em lavanderias, tinturarias e grandes cadeias como Clean Master Tintorer\u00edas e Dunkin Donuts, onde demonstrou grande habilidade na implementa\u00e7\u00e3o de planos de expans\u00e3o e na gest\u00e3o de rela\u00e7\u00f5es com franqueados \n            <\/p>\n            <div class=\"team-member__info\">\n                <h3 class=\"team-member__title\">Luis V\u00e1zquez<\/h3>\n                <span class=\"team-member__text\">National Expansion Manager<\/span>\n            <\/div>\n        <\/div>\n            <\/div>\n<\/div>\n                                                                                            <div class=\"lawash-col-3\">\n    <div class=\"team-member\">\n        <img decoding=\"async\" alt=\"\" class=\"team-member__img\" src=\"https:\/\/lawash.es\/wp-content\/uploads\/2024\/10\/martin-hardoy.5e5f7a.jpg\">\n        <div class=\"team-member__info \">\n            <h3 class=\"team-member__title\">Martin Hardoy<\/h3>\n            <span class=\"team-member__text\">Operations Manager<\/span>\n        <\/div>\n                <div class=\"team-member__overlay\">\n                        <a href=\"https:\/\/www.linkedin.com\/in\/martin-hardoy-977665262\/\" target=\"_blank\" class=\"team-member__link\">\n                <img decoding=\"async\" alt=\"Linkedin Martin Hardoy\" src=\"https:\/\/lawash.es\/wp-content\/themes\/sage\/public\/img\/linkedin-bg.d22544.svg\">\n            <\/a>\n                        <p class=\"team-member__extraInfo\">\n                Com mais de 20 anos de experi\u00eancia no setor t\u00e9cnico e de opera\u00e7\u00f5es, ele liderou projetos-chave na La Wash, garantindo a valida\u00e7\u00e3o t\u00e9cnica e a qualidade em mais de 300 lojas. Anteriormente, na 5\u00e0sec Espanha, onde trabalhou por 19 anos, gerenciou aberturas e manuten\u00e7\u00e3o, coordenando equipes e garantindo a conformidade com os padr\u00f5es da marca em franquias de tinturarias. Sua experi\u00eancia abrange desde o planejamento de projetos at\u00e9 a forma\u00e7\u00e3o de pessoal t\u00e9cnico, consolidando sua lideran\u00e7a em opera\u00e7\u00f5es e manuten\u00e7\u00e3o no setor de lavanderias e tinturarias  \n            <\/p>\n            <div class=\"team-member__info\">\n                <h3 class=\"team-member__title\">Martin Hardoy<\/h3>\n                <span class=\"team-member__text\">Operations Manager<\/span>\n            <\/div>\n        <\/div>\n            <\/div>\n<\/div>\n                                                                <div class=\"lawash-col-3\">\n    <div class=\"team-member\">\n        <img decoding=\"async\" alt=\"\" class=\"team-member__img\" src=\"https:\/\/lawash.es\/wp-content\/uploads\/2024\/10\/isabel-arcos.7936b2.jpg\">\n        <div class=\"team-member__info \">\n            <h3 class=\"team-member__title\">Isabel Arcos<\/h3>\n            <span class=\"team-member__text\">Financial &amp; Legal Manager<\/span>\n        <\/div>\n                <div class=\"team-member__overlay\">\n                        <a href=\"https:\/\/www.linkedin.com\/in\/isabel-arcos-79101392\/\" target=\"_blank\" class=\"team-member__link\">\n                <img decoding=\"async\" alt=\"Linkedin Isabel Arcos\" src=\"https:\/\/lawash.es\/wp-content\/themes\/sage\/public\/img\/linkedin-bg.d22544.svg\">\n            <\/a>\n                        <p class=\"team-member__extraInfo\">\n                Com ampla experi\u00eancia em gest\u00e3o financeira e administrativa, Isabel Arcos tem sido essencial na La Wash desde 2022, liderando o departamento financeiro com foco na efici\u00eancia operacional e controle de gest\u00e3o. Anteriormente, ocupou cargos de responsabilidade em finan\u00e7as e opera\u00e7\u00f5es em empresas como Global Networks Investments e Texting Big Data, onde se destacou na gest\u00e3o de fornecedores e desenvolvimento de neg\u00f3cios. Sua experi\u00eancia inclui administra\u00e7\u00e3o financeira, concilia\u00e7\u00e3o banc\u00e1ria e gest\u00e3o de folhas de pagamento, consolidando sua lideran\u00e7a no setor de lavanderias e franquias  \n            <\/p>\n            <div class=\"team-member__info\">\n                <h3 class=\"team-member__title\">Isabel Arcos<\/h3>\n                <span class=\"team-member__text\">Financial &amp; Legal Manager<\/span>\n            <\/div>\n        <\/div>\n            <\/div>\n<\/div>\n                                                                <div class=\"lawash-col-3\">\n    <div class=\"team-member\">\n        <img decoding=\"async\" alt=\"\" class=\"team-member__img\" src=\"https:\/\/lawash.es\/wp-content\/uploads\/2024\/10\/joel-ibanez.c2d7e7.jpg\">\n        <div class=\"team-member__info \">\n            <h3 class=\"team-member__title\">Joel Iba\u00f1ez Miquel<\/h3>\n            <span class=\"team-member__text\">IT Manager<\/span>\n        <\/div>\n                <div class=\"team-member__overlay\">\n                        <a href=\"https:\/\/www.linkedin.com\/in\/joel-iba\u00f1ez-miquel-405328a7\/\" target=\"_blank\" class=\"team-member__link\">\n                <img decoding=\"async\" alt=\"Linkedin Joel Iba\u00f1ez Miquel\" src=\"https:\/\/lawash.es\/wp-content\/themes\/sage\/public\/img\/linkedin-bg.d22544.svg\">\n            <\/a>\n                        <p class=\"team-member__extraInfo\">\n                Joel Iba\u00f1ez Miquel \u00e9 um especialista em web com experi\u00eancia no desenvolvimento e manuten\u00e7\u00e3o de sites. Trabalhou em empresas como Amaris e Totshival SL, onde se destacou na implementa\u00e7\u00e3o de solu\u00e7\u00f5es tecnol\u00f3gicas, incluindo o uso de PHP, jQuery e MySQL. Seu foco t\u00e9cnico foi fundamental na cria\u00e7\u00e3o de plataformas eficientes e adaptadas \u00e0s necessidades do neg\u00f3cio. Com fortes habilidades em TI, sua experi\u00eancia \u00e9 relevante para o desenvolvimento de infraestruturas digitais em setores como lavanderias e franquias, contribuindo para a otimiza\u00e7\u00e3o operacional e comercial   \n            <\/p>\n            <div class=\"team-member__info\">\n                <h3 class=\"team-member__title\">Joel Iba\u00f1ez Miquel<\/h3>\n                <span class=\"team-member__text\">IT Manager<\/span>\n            <\/div>\n        <\/div>\n            <\/div>\n<\/div>\n                                                                <div class=\"lawash-col-3\">\n    <div class=\"team-member\">\n        <img decoding=\"async\" alt=\"\" class=\"team-member__img\" src=\"https:\/\/lawash.es\/wp-content\/uploads\/2024\/10\/javier-lobos.d00232.jpg\">\n        <div class=\"team-member__info \">\n            <h3 class=\"team-member__title\">Javier Lobo<\/h3>\n            <span class=\"team-member__text\">International Expansion Manager<\/span>\n        <\/div>\n                <div class=\"team-member__overlay\">\n                        <a href=\"https:\/\/www.linkedin.com\/in\/javierlobo\/\" target=\"_blank\" class=\"team-member__link\">\n                <img decoding=\"async\" alt=\"Linkedin Javier Lobo\" src=\"https:\/\/lawash.es\/wp-content\/themes\/sage\/public\/img\/linkedin-bg.d22544.svg\">\n            <\/a>\n                        <p class=\"team-member__extraInfo\">\n                Javier Lobo Ol\u00f3ndriz \u00e9 um especialista em desenvolvimento internacional com vasta experi\u00eancia na expans\u00e3o de franquias. Atualmente, lidera o desenvolvimento internacional da La Wash, trazendo seu conhecimento na cria\u00e7\u00e3o de marcas disruptivas e transformadoras. Anteriormente, liderou projetos de expans\u00e3o em empresas como Doctor Energy, Enrique Tom\u00e1s e Santagloria Coffee &amp; Bakery, onde se destacou na abertura de novos mercados. Sua abordagem estrat\u00e9gica tem sido fundamental para o crescimento e posicionamento de franquias em diversos setores, incluindo lavanderias e servi\u00e7os de autoatendimento   \n            <\/p>\n            <div class=\"team-member__info\">\n                <h3 class=\"team-member__title\">Javier Lobo<\/h3>\n                <span class=\"team-member__text\">International Expansion Manager<\/span>\n            <\/div>\n        <\/div>\n            <\/div>\n<\/div>\n                                                                                            <div class=\"lawash-col-3\">\n    <div class=\"team-member\">\n        <img decoding=\"async\" alt=\"\" class=\"team-member__img\" src=\"https:\/\/lawash.es\/wp-content\/uploads\/2024\/10\/brenda-criado.0960e5.jpg\">\n        <div class=\"team-member__info team-member__info-2\">\n            <h3 class=\"team-member__title\">Brenda Criado<\/h3>\n            <span class=\"team-member__text\">Project Manager<\/span>\n        <\/div>\n            <\/div>\n<\/div>\n                                                                <div class=\"lawash-col-3\">\n    <div class=\"team-member\">\n        <img decoding=\"async\" alt=\"\" class=\"team-member__img\" src=\"https:\/\/lawash.es\/wp-content\/uploads\/2024\/10\/carolina-gribaudo.e1e7f9.jpg\">\n        <div class=\"team-member__info team-member__info-2\">\n            <h3 class=\"team-member__title\">Carolina Gribaudo<\/h3>\n            <span class=\"team-member__text\">Senior Accountant<\/span>\n        <\/div>\n            <\/div>\n<\/div>\n                                                                <div class=\"lawash-col-3\">\n    <div class=\"team-member\">\n        <img decoding=\"async\" alt=\"\" class=\"team-member__img\" src=\"https:\/\/lawash.es\/wp-content\/uploads\/2024\/10\/alejandro-bejarano.92a465.jpg\">\n        <div class=\"team-member__info team-member__info-2\">\n            <h3 class=\"team-member__title\">Alejandro Bejarano<\/h3>\n            <span class=\"team-member__text\">Technical Support Specialist<\/span>\n        <\/div>\n            <\/div>\n<\/div>\n                                                                <div class=\"lawash-col-3\">\n    <div class=\"team-member\">\n        <img decoding=\"async\" alt=\"\" class=\"team-member__img\" src=\"https:\/\/lawash.es\/wp-content\/uploads\/2024\/10\/daniel-pina.ace19c.jpg\">\n        <div class=\"team-member__info team-member__info-2\">\n            <h3 class=\"team-member__title\">Daniel Pina<\/h3>\n            <span class=\"team-member__text\">Regional Sales Representative - Spain<\/span>\n        <\/div>\n            <\/div>\n<\/div>\n                                                                <div class=\"lawash-col-3\">\n    <div class=\"team-member\">\n        <img decoding=\"async\" alt=\"\" class=\"team-member__img\" src=\"https:\/\/lawash.es\/wp-content\/uploads\/2024\/10\/gaston-bergami.0fd5ea.jpg\">\n        <div class=\"team-member__info team-member__info-2\">\n            <h3 class=\"team-member__title\">Gaston Bergami<\/h3>\n            <span class=\"team-member__text\">Store Operations Manager<\/span>\n        <\/div>\n            <\/div>\n<\/div>\n                                    <\/div>\n        \n    <\/div>\n<\/section>\t\t\t\t<\/div>\n\t\t\t\t<\/div>\n\t\t\t\t<div class=\"elementor-element elementor-element-48bc7ca elementor-widget elementor-widget-banner_title_description_button_widget\" data-id=\"48bc7ca\" data-element_type=\"widget\" data-widget_type=\"banner_title_description_button_widget.default\">\n\t\t\t\t<div class=\"elementor-widget-container\">\n\t\t\t\t\t<section class=\"section-centered-cols franquicia-section\">\n    <img decoding=\"async\" alt=\"\" class=\"background-image\" src=\"https:\/\/lawash.es\/wp-content\/uploads\/2024\/10\/crea-tu-franquicia.8bf25b.jpg\">\n    <div class=\"lawash-container\">\n        <div class=\"lawash-row\">\n            <div class=\"lawash-col-12\">\n                                <h2 class=\"franquicia-section__title title-1\" style=\"max-width:626px;\">\n                    JUNTE-SE AO FUTURO DAS LAVANDARIAS\n                <\/h2>\n            <\/div>\n                        \n                            <div class=\"lawash-col-12\">\n                    <div class=\"section-centered-cols__buttons\">\n                                                                                <a title=\"ABRA A SUA FRANQUIA LA WASH\" href=\"https:\/\/lawash.es\/franquicia-lavanderia-autoservicio\/\" class=\"button-1\" >\n  ABRA A SUA FRANQUIA LA WASH\n<\/a>\n                                            <\/div>\n                <\/div>\n                    <\/div>\n    <\/div>\n<\/section>\n\t\t\t\t<\/div>\n\t\t\t\t<\/div>\n\t\t\t\t<div class=\"elementor-element elementor-element-507d429 elementor-widget elementor-widget-global elementor-global-7093 elementor-widget-newsletter_widget\" data-id=\"507d429\" data-element_type=\"widget\" data-widget_type=\"newsletter_widget.default\">\n\t\t\t\t<div class=\"elementor-widget-container\">\n\t\t\t\t\t<div class=\"newsletter\">\n    <div class=\"lawash-container\">\n        <div class=\"lawash-row\">\n            <div class=\"lawash-col-6\">\n                <div class=\"d-flex flex-wrap align-items-center\">\n                    <h2 class=\"newsletter__title title-3\">Newsletter<\/h2>\n                    <h3 class=\"newsletter__paragraph\">\n                        Receba todas as promo\u00e7\u00f5es e novidades\n                    <\/h3>\n                <\/div>\n            <\/div>\n            <div class=\"lawash-col-6\">\n                <form id=\"js-newsletter-form\" class=\"d-flex flex-wrap align-items-end\">\n                    <input class=\"newsletter__input input-1 js-newsletter-email\" type=\"email\" placeholder=\"\" \/>\n                    <button type=\"submit\" class=\"newsletter__submit button-3\">Inscreva-se<\/button>\n                    <p class=\"newsletter__result newsletter__paragraph js-newsletter-result\"><\/p>\n                <\/form>\n            <\/div>\n        <\/div>\n    <\/div>\n<\/div>\n\t\t\t\t<\/div>\n\t\t\t\t<\/div>\n\t\t\t\t\t<\/div>\n\t\t<\/div>\n\t\t\t\t\t<\/div>\n\t\t<\/section>\n\t\t\t\t<\/div>\n\t\t","protected":false},"excerpt":{"rendered":"<p>Come\u00e7ar &nbsp;&#8211;&nbsp; N\u00f3s Somos La Wash, nossa vis\u00e3o: Promover um futuro sustent\u00e1vel, oferecendo servi\u00e7os de lavandaria acess\u00edveis a todos os consumidores. ESPECIALISTAS EM SOLU\u00c7\u00d5ES DE LAVANDARIA SELF-SERVICE A La Wash \u00e9 a principal rede de lavandarias self-service da Europa, com mais de 400 localiza\u00e7\u00f5es em Espanha, Portugal e agora tamb\u00e9m na Irlanda! Continuamos a definir &hellip; <a href=\"https:\/\/lawash.es\/pt-pt\/sobre-nos\/\">Continued<\/a><\/p>\n","protected":false},"author":1,"featured_media":0,"parent":0,"menu_order":0,"comment_status":"closed","ping_status":"closed","template":"template-elementor.blade.php","meta":{"_acf_changed":false,"inline_featured_image":false,"footnotes":""},"class_list":["post-5155","page","type-page","status-publish","hentry"],"acf":[],"yoast_head":"<!-- This site is optimized with the Yoast SEO plugin v24.4 - https:\/\/yoast.com\/wordpress\/plugins\/seo\/ -->\n<title>La Wash | Lavandarias l\u00edderes para um mundo sustent\u00e1vel<\/title>\n<meta name=\"description\" content=\"Descobre como a La Wash lidera o sector da lavandaria self-service com solu\u00e7\u00f5es sustent\u00e1veis e eficientes. Lava a tua roupa connosco.\" \/>\n<meta name=\"robots\" content=\"index, follow, max-snippet:-1, max-image-preview:large, max-video-preview:-1\" \/>\n<link rel=\"canonical\" href=\"https:\/\/lawash.es\/pt-pt\/sobre-nos\/\" \/>\n<meta property=\"og:locale\" content=\"pt_PT\" \/>\n<meta property=\"og:type\" content=\"article\" \/>\n<meta property=\"og:title\" content=\"La Wash | Lavandarias l\u00edderes para um mundo sustent\u00e1vel\" \/>\n<meta property=\"og:description\" content=\"Descobre como a La Wash lidera o sector da lavandaria self-service com solu\u00e7\u00f5es sustent\u00e1veis e eficientes. Lava a tua roupa connosco.\" \/>\n<meta property=\"og:url\" content=\"https:\/\/lawash.es\/pt-pt\/sobre-nos\/\" \/>\n<meta property=\"og:site_name\" content=\"La Wash\" \/>\n<meta property=\"article:modified_time\" content=\"2025-04-15T13:08:15+00:00\" \/>\n<meta property=\"og:image\" content=\"https:\/\/lawash.es\/wp-content\/uploads\/2024\/10\/nosotros.710364.jpg\" \/>\n<meta name=\"twitter:card\" content=\"summary_large_image\" \/>\n<meta name=\"twitter:label1\" content=\"Tempo estimado de leitura\" \/>\n\t<meta name=\"twitter:data1\" content=\"14 minutos\" \/>\n<!-- \/ Yoast SEO plugin. -->","yoast_head_json":{"title":"La Wash | Lavandarias l\u00edderes para um mundo sustent\u00e1vel","description":"Descobre como a La Wash lidera o sector da lavandaria self-service com solu\u00e7\u00f5es sustent\u00e1veis e eficientes. Lava a tua roupa connosco.","robots":{"index":"index","follow":"follow","max-snippet":"max-snippet:-1","max-image-preview":"max-image-preview:large","max-video-preview":"max-video-preview:-1"},"canonical":"https:\/\/lawash.es\/pt-pt\/sobre-nos\/","og_locale":"pt_PT","og_type":"article","og_title":"La Wash | Lavandarias l\u00edderes para um mundo sustent\u00e1vel","og_description":"Descobre como a La Wash lidera o sector da lavandaria self-service com solu\u00e7\u00f5es sustent\u00e1veis e eficientes. Lava a tua roupa connosco.","og_url":"https:\/\/lawash.es\/pt-pt\/sobre-nos\/","og_site_name":"La Wash","article_modified_time":"2025-04-15T13:08:15+00:00","og_image":[{"url":"https:\/\/lawash.es\/wp-content\/uploads\/2024\/10\/nosotros.710364.jpg","type":"","width":"","height":""}],"twitter_card":"summary_large_image","twitter_misc":{"Tempo estimado de leitura":"14 minutos"},"schema":{"@context":"https:\/\/schema.org","@graph":[{"@type":"WebPage","@id":"https:\/\/lawash.es\/pt-pt\/sobre-nos\/","url":"https:\/\/lawash.es\/pt-pt\/sobre-nos\/","name":"La Wash | Lavandarias l\u00edderes para um mundo sustent\u00e1vel","isPartOf":{"@id":"https:\/\/lawash.es\/pt-pt\/#website"},"primaryImageOfPage":{"@id":"https:\/\/lawash.es\/pt-pt\/sobre-nos\/#primaryimage"},"image":{"@id":"https:\/\/lawash.es\/pt-pt\/sobre-nos\/#primaryimage"},"thumbnailUrl":"https:\/\/lawash.es\/wp-content\/uploads\/2024\/10\/nosotros.710364.jpg","datePublished":"2024-08-15T11:35:32+00:00","dateModified":"2025-04-15T13:08:15+00:00","description":"Descobre como a La Wash lidera o sector da lavandaria self-service com solu\u00e7\u00f5es sustent\u00e1veis e eficientes. Lava a tua roupa connosco.","breadcrumb":{"@id":"https:\/\/lawash.es\/pt-pt\/sobre-nos\/#breadcrumb"},"inLanguage":"pt-PT","potentialAction":[{"@type":"ReadAction","target":["https:\/\/lawash.es\/pt-pt\/sobre-nos\/"]}]},{"@type":"ImageObject","inLanguage":"pt-PT","@id":"https:\/\/lawash.es\/pt-pt\/sobre-nos\/#primaryimage","url":"https:\/\/lawash.es\/wp-content\/uploads\/2024\/10\/nosotros.710364.jpg","contentUrl":"https:\/\/lawash.es\/wp-content\/uploads\/2024\/10\/nosotros.710364.jpg"},{"@type":"BreadcrumbList","@id":"https:\/\/lawash.es\/pt-pt\/sobre-nos\/#breadcrumb","itemListElement":[{"@type":"ListItem","position":1,"name":"Portada","item":"https:\/\/lawash.es\/pt-pt\/"},{"@type":"ListItem","position":2,"name":"Sobre n\u00f3s"}]},{"@type":"WebSite","@id":"https:\/\/lawash.es\/pt-pt\/#website","url":"https:\/\/lawash.es\/pt-pt\/","name":"La Wash","description":"Franquicia de lavander\u00edas autoservicio","potentialAction":[{"@type":"SearchAction","target":{"@type":"EntryPoint","urlTemplate":"https:\/\/lawash.es\/pt-pt\/?s={search_term_string}"},"query-input":{"@type":"PropertyValueSpecification","valueRequired":true,"valueName":"search_term_string"}}],"inLanguage":"pt-PT"}]}},"_links":{"self":[{"href":"https:\/\/lawash.es\/pt-pt\/wp-json\/wp\/v2\/pages\/5155","targetHints":{"allow":["GET"]}}],"collection":[{"href":"https:\/\/lawash.es\/pt-pt\/wp-json\/wp\/v2\/pages"}],"about":[{"href":"https:\/\/lawash.es\/pt-pt\/wp-json\/wp\/v2\/types\/page"}],"author":[{"embeddable":true,"href":"https:\/\/lawash.es\/pt-pt\/wp-json\/wp\/v2\/users\/1"}],"replies":[{"embeddable":true,"href":"https:\/\/lawash.es\/pt-pt\/wp-json\/wp\/v2\/comments?post=5155"}],"version-history":[{"count":0,"href":"https:\/\/lawash.es\/pt-pt\/wp-json\/wp\/v2\/pages\/5155\/revisions"}],"wp:attachment":[{"href":"https:\/\/lawash.es\/pt-pt\/wp-json\/wp\/v2\/media?parent=5155"}],"curies":[{"name":"wp","href":"https:\/\/api.w.org\/{rel}","templated":true}]}}